{"version":"1.0","provider_name":"Blog","provider_url":"https:\/\/www.lillegrandpalais.com\/leblog","title":"Le FRAC prend ses quartiers \u00e0 Dunkerque","type":"rich","width":600,"height":338,"html":"<blockquote class=\"wp-embedded-content\" data-secret=\"NIHSF2sn8o\"><a href=\"https:\/\/www.lillegrandpalais.com\/leblog\/actu\/le-frac-prend-ses-quartiers-a-dunkerque\/\">Le FRAC prend ses quartiers \u00e0 Dunkerque<\/a><\/blockquote><iframe sandbox=\"allow-scripts\" security=\"restricted\" src=\"https:\/\/www.lillegrandpalais.com\/leblog\/actu\/le-frac-prend-ses-quartiers-a-dunkerque\/embed\/#?secret=NIHSF2sn8o\" width=\"600\" height=\"338\" title=\"\u00ab\u00a0Le FRAC prend ses quartiers \u00e0 Dunkerque\u00a0\u00bb &#8212; Blog\" data-secret=\"NIHSF2sn8o\" frameborder=\"0\" marginwidth=\"0\" marginheight=\"0\" scrolling=\"no\" class=\"wp-embedded-content\"><\/iframe><script type=\"text\/javascript\">\n\/* <![CDATA[ *\/\n\/*! This file is auto-generated *\/\n!function(d,l){\"use strict\";l.querySelector&&d.addEventListener&&\"undefined\"!=typeof URL&&(d.wp=d.wp||{},d.wp.receiveEmbedMessage||(d.wp.receiveEmbedMessage=function(e){var t=e.data;if((t||t.secret||t.message||t.value)&&!\/[^a-zA-Z0-9]\/.test(t.secret)){for(var s,r,n,a=l.querySelectorAll('iframe[data-secret=\"'+t.secret+'\"]'),o=l.querySelectorAll('blockquote[data-secret=\"'+t.secret+'\"]'),c=new RegExp(\"^https?:$\",\"i\"),i=0;i<o.length;i++)o[i].style.display=\"none\";for(i=0;i<a.length;i++)s=a[i],e.source===s.contentWindow&&(s.removeAttribute(\"style\"),\"height\"===t.message?(1e3<(r=parseInt(t.value,10))?r=1e3:~~r<200&&(r=200),s.height=r):\"link\"===t.message&&(r=new URL(s.getAttribute(\"src\")),n=new URL(t.value),c.test(n.protocol))&&n.host===r.host&&l.activeElement===s&&(d.top.location.href=t.value))}},d.addEventListener(\"message\",d.wp.receiveEmbedMessage,!1),l.addEventListener(\"DOMContentLoaded\",function(){for(var e,t,s=l.querySelectorAll(\"iframe.wp-embedded-content\"),r=0;r<s.length;r++)(t=(e=s[r]).getAttribute(\"data-secret\"))||(t=Math.random().toString(36).substring(2,12),e.src+=\"#?secret=\"+t,e.setAttribute(\"data-secret\",t)),e.contentWindow.postMessage({message:\"ready\",secret:t},\"*\")},!1)))}(window,document);\n\/\/# sourceURL=https:\/\/www.lillegrandpalais.com\/leblog\/wp-includes\/js\/wp-embed.min.js\n\/* ]]> *\/\n<\/script>\n","description":"Pr\u00e9vu pour Septembre 2013, le d\u00e9m\u00e9nagement du Fonds R\u00e9gional d\u2019Art Contemporain (FRAC) va donner une nouvelle impulsion culturelle \u00e0 Dunkerque. La ville, plus connue pour son port et son industrie vient d\u2019ailleurs d\u2019\u00eatre \u00e9lue capitale r\u00e9gionale de la culture. Hilde Teerlinck, pr\u00e9sidente du FRAC, nous en dit plus sur les enjeux pour la r\u00e9gion. Pourquoi [&hellip;]","thumbnail_url":"https:\/\/www.lillegrandpalais.com\/wp-content\/uploads\/2013\/03\/FRAC-300x189.jpg"}