{"version":"1.0","provider_name":"Blog","provider_url":"https:\/\/www.lillegrandpalais.com\/leblog","title":"L\u2019Humain au c\u0153ur de Lille Grand Palais - Blog","type":"rich","width":600,"height":338,"html":"<blockquote class=\"wp-embedded-content\" data-secret=\"AuFa8seAs0\"><a href=\"https:\/\/www.lillegrandpalais.com\/leblog\/actu\/lhumain-au-coeur-de-lille-grand-palais\/\">L\u2019Humain au c\u0153ur de Lille Grand Palais<\/a><\/blockquote><iframe sandbox=\"allow-scripts\" security=\"restricted\" src=\"https:\/\/www.lillegrandpalais.com\/leblog\/actu\/lhumain-au-coeur-de-lille-grand-palais\/embed\/#?secret=AuFa8seAs0\" width=\"600\" height=\"338\" title=\"\u00ab\u00a0L\u2019Humain au c\u0153ur de Lille Grand Palais\u00a0\u00bb &#8212; Blog\" data-secret=\"AuFa8seAs0\" frameborder=\"0\" marginwidth=\"0\" marginheight=\"0\" scrolling=\"no\" class=\"wp-embedded-content\"><\/iframe><script type=\"text\/javascript\">\n\/* <![CDATA[ *\/\n\/*! This file is auto-generated *\/\n!function(d,l){\"use strict\";l.querySelector&&d.addEventListener&&\"undefined\"!=typeof URL&&(d.wp=d.wp||{},d.wp.receiveEmbedMessage||(d.wp.receiveEmbedMessage=function(e){var t=e.data;if((t||t.secret||t.message||t.value)&&!\/[^a-zA-Z0-9]\/.test(t.secret)){for(var s,r,n,a=l.querySelectorAll('iframe[data-secret=\"'+t.secret+'\"]'),o=l.querySelectorAll('blockquote[data-secret=\"'+t.secret+'\"]'),c=new RegExp(\"^https?:$\",\"i\"),i=0;i<o.length;i++)o[i].style.display=\"none\";for(i=0;i<a.length;i++)s=a[i],e.source===s.contentWindow&&(s.removeAttribute(\"style\"),\"height\"===t.message?(1e3<(r=parseInt(t.value,10))?r=1e3:~~r<200&&(r=200),s.height=r):\"link\"===t.message&&(r=new URL(s.getAttribute(\"src\")),n=new URL(t.value),c.test(n.protocol))&&n.host===r.host&&l.activeElement===s&&(d.top.location.href=t.value))}},d.addEventListener(\"message\",d.wp.receiveEmbedMessage,!1),l.addEventListener(\"DOMContentLoaded\",function(){for(var e,t,s=l.querySelectorAll(\"iframe.wp-embedded-content\"),r=0;r<s.length;r++)(t=(e=s[r]).getAttribute(\"data-secret\"))||(t=Math.random().toString(36).substring(2,12),e.src+=\"#?secret=\"+t,e.setAttribute(\"data-secret\",t)),e.contentWindow.postMessage({message:\"ready\",secret:t},\"*\")},!1)))}(window,document);\n\/\/# sourceURL=https:\/\/www.lillegrandpalais.com\/leblog\/wp-includes\/js\/wp-embed.min.js\n\/* ]]> *\/\n<\/script>\n","thumbnail_url":null,"thumbnail_width":null,"thumbnail_height":null,"description":"Human DAY est de retour \u00e0 Lille Grand Palais le jeudi 19 septembre \u00e0 l\u2019occasion de sa deuxi\u00e8me \u00e9dition. Une journ\u00e9e consacr\u00e9e \u00e0 l\u2019humain au c\u0153ur de l\u2019entreprise. Ce qui compte dans tous les projets, c\u2019est l\u2019humain. Human DAY part de cette observation et s\u2019int\u00e9resse \u00e0 la place de l\u2019homme dans les organisations. C\u2019est le [&hellip;]"}